{"id":615,"date":"2021-05-04T15:40:30","date_gmt":"2021-05-04T13:40:30","guid":{"rendered":"http:\/\/jeuneselusdefrance.fr\/home\/?page_id=615"},"modified":"2021-05-04T15:40:31","modified_gmt":"2021-05-04T13:40:31","slug":"mentions-legales","status":"publish","type":"page","link":"http:\/\/jeuneselusdefrance.fr\/home\/mentions-legales\/","title":{"rendered":"Mentions l\u00e9gales"},"content":{"rendered":"\n<p>Ce site est le site officiel de l&rsquo;Association des Jeunes \u00c9lus de France (AJEF).<\/p>\n\n\n\n<hr class=\"wp-block-separator\"\/>\n\n\n\n<h2 class=\"wp-block-heading\">CONCEPTION ET PROPRI\u00c9T\u00c9 DU SITE :<\/h2>\n\n\n\n<ol class=\"wp-block-list\"><li><strong>Conception :<\/strong><\/li><\/ol>\n\n\n\n<p>Association des Jeunes \u00c9lus de France<br>Service Informatique<br>31, rue de Gou\u00e9dic, 22000 SAINT-BRIEUC<br>Email : <a href=\"mailto:si@jeuneselusdefrance.fr\">si@jeuneselusdefrance.fr<\/a> <br><br>Responsable de publication : M. Antonin MAH\u00c9, pr\u00e9sident de l&rsquo;Association des Jeunes \u00c9lus de France.<\/p>\n\n\n\n<p><strong>2. Propri\u00e9t\u00e9 :<\/strong><\/p>\n\n\n\n<p>Association des Jeunes \u00c9lus de France<br>31, rue de Gou\u00e9dic, 22000 SAINT-BRIEUC<br>Email : <a href=\"mailto:contact@jeuneselusdefrance.fr\">contact@jeuneselusdefrance.fr <\/a><br>Site web : <a href=\"http:\/\/jeuneselusdefrance.fr\">jeuneselusdefrance.fr<\/a><\/p>\n\n\n\n<hr class=\"wp-block-separator\"\/>\n\n\n\n<h2 class=\"wp-block-heading\"><strong>H\u00c9BERGEMENT<\/strong> :<\/h2>\n\n\n\n<p>INFOMANIAK NETWORK SA<br>26, Avenue de la Praille \u2013 1227 Carouge \/ Gen\u00e8ve \u2013 SUISSE<br>T\u00e9l. : +41 22 820 35 44<br>Fax : +41 22 301 67 69<br>Email : <a href=\"mailto:contact@infomaniak.ch\">contact@infomaniak.ch<\/a><br>Site internet :\u00a0<a href=\"http:\/\/www.infomaniak.ch\/\">www.infomaniak.ch<\/a><\/p>\n\n\n\n<hr class=\"wp-block-separator\"\/>\n\n\n\n<h2 class=\"wp-block-heading\"><strong>DISPOSITIONS RELATIVES \u00c0 LA PROTECTION DES DONN\u00c9ES<\/strong> :<\/h2>\n\n\n\n<p>Les donn\u00e9es collect\u00e9es par ce site web ne sont et ne seront jamais revendues ou transmises \u00e0 des tiers, et seront utilis\u00e9es avec la plus grande discr\u00e9tion de notre part dans le cadre, et uniquement dans le cadre de l\u2019utilisation pour laquelle vous nous avez fourni ces donn\u00e9es. En aucun cas, nous ne d\u00e9tournerons l\u2019utilisation de vos donn\u00e9es dans un but autre que celui clairement \u00e9nonc\u00e9 lorsque vous nous les avez fournies.<br><br>Des donn\u00e9es de connexion (exemples : adresse IP, logs connexion) peuvent \u00eatre collect\u00e9es lors de votre passage sur ce site.\u00a0En naviguant sur ce site, vous consentez\u00a0\u00e0 nous les transmettre.<br><br>Les donn\u00e9es que vous envoyez express\u00e9ment sur la page Contact de ce site internet \u00e0 travers les formulaires ne seront utilis\u00e9es qu\u2019\u00e0 des fins de r\u00e9ponses. L\u2019ensemble des informations envoy\u00e9es dans ces formulaires seront supprim\u00e9es\u00a0au maximum 3 ans apr\u00e8s nous les avoir transmise.\u00a0<br><br>Les donn\u00e9es transmises sur ce site ne sont accessibles que par les services internes comp\u00e9tents, c\u2019est \u00e0 dire :\u00a0<\/p>\n\n\n\n<ul class=\"wp-block-list\"><li>Pour les IP, les logs et l\u2019ensemble de donn\u00e9es de connexion, seulement les administrateurs du&nbsp;site internet.<\/li><\/ul>\n\n\n\n<ul class=\"wp-block-list\"><li>Pour les informations transmises par un formulaire de la page contact, seulement les services concern\u00e9s de l&rsquo;Association des Jeunes \u00c9lus de France.<\/li><\/ul>\n\n\n\n<hr class=\"wp-block-separator\"\/>\n\n\n\n<h2 class=\"wp-block-heading\"><strong>DESCRIPTION DES SERVICES FOURNIS :<\/strong><\/h2>\n\n\n\n<p>Le site jeuneselusdefrance.fr a pour objet de fournir une information concernant l\u2019ensemble des activit\u00e9s de l&rsquo;association.<br><br>Antonin Mah\u00e9 et le Conseil d\u2019Administration s\u2019efforcent de fournir sur le site jeuneselusdefrance.fr des informations aussi pr\u00e9cises que possible. Toutefois, ils ne pourront \u00eatre tenus responsables des omissions, des inexactitudes et des carences dans la mise \u00e0 jour, qu\u2019elles soient de son fait ou du fait des tiers partenaires qui leur fournissent ces informations.<br>Toutes les informations indiqu\u00e9es sur le site jeuneselusdefrance.fr sont donn\u00e9es \u00e0 titre indicatif, et sont susceptibles d\u2019\u00e9voluer. Par ailleurs, les renseignements figurant sur le site jeuneselusdefrance.fr ne sont pas exhaustifs. Ils sont donn\u00e9s sous r\u00e9serve de modifications ayant \u00e9t\u00e9 apport\u00e9es depuis leur mise en ligne.<br><br>L\u2019utilisation du site jeuneselusdefrance.fr implique l\u2019acceptation pleine et enti\u00e8re des conditions g\u00e9n\u00e9rales d\u2019utilisation ci-apr\u00e8s d\u00e9crites. Ces conditions d\u2019utilisation sont susceptibles d\u2019\u00eatre modifi\u00e9es ou compl\u00e9t\u00e9es \u00e0 tout moment, les utilisateurs du site jeuneselusdefrance.fr sont donc invit\u00e9s \u00e0 les consulter de mani\u00e8re r\u00e9guli\u00e8re.<br><br>Ce site est normalement accessible \u00e0 tout moment aux utilisateurs. Une interruption pour raison de maintenance technique peut \u00eatre toutefois d\u00e9cid\u00e9e par Antonin Mah\u00e9, qui s\u2019efforcera alors de communiquer pr\u00e9alablement aux utilisateurs les dates et heures de l\u2019intervention. <br><br>Le site jeuneselusdefrance.fr est mis \u00e0 jour r\u00e9guli\u00e8rement par Antonin Mah\u00e9. De la m\u00eame fa\u00e7on, les mentions l\u00e9gales peuvent \u00eatre modifi\u00e9es \u00e0 tout moment : elles s\u2019imposent n\u00e9anmoins \u00e0 l\u2019utilisateur qui est invit\u00e9 \u00e0 s\u2019y r\u00e9f\u00e9rer le plus souvent possible afin d\u2019en prendre connaissance.<\/p>\n\n\n\n<hr class=\"wp-block-separator\"\/>\n\n\n\n<h2 class=\"wp-block-heading\"><strong>PROPRI\u00c9T\u00c9 INTELLECTUELLE ET CONTREFACONS :<\/strong><\/h2>\n\n\n\n<p>L\u2019Association des Jeunes \u00c9lus de France sont propri\u00e9taires des droits de propri\u00e9t\u00e9 intellectuelle ou d\u00e9tient les droits d\u2019usage sur tous les \u00e9l\u00e9ments accessibles sur le site, notamment les textes, images, graphismes, logo, ic\u00f4nes, sons, logiciels. N\u00e9anmoins, certaines feuilles de styles proviennent de services tiers.<br><br>Toute reproduction, repr\u00e9sentation, modification, publication, adaptation de tout ou partie des \u00e9l\u00e9ments du site, quel que soit le moyen ou le proc\u00e9d\u00e9 utilis\u00e9, est interdite, sauf autorisation \u00e9crite pr\u00e9alable de : Antonin Mah\u00e9. <br><br>Toute exploitation non autoris\u00e9e du site ou de l\u2019un quelconque des \u00e9l\u00e9ments qu\u2019il contient sera consid\u00e9r\u00e9e comme constitutive d\u2019une contrefa\u00e7on et poursuivie conform\u00e9ment aux dispositions des articles L.335-2 et suivants du Code de Propri\u00e9t\u00e9 Intellectuelle.<\/p>\n","protected":false},"excerpt":{"rendered":"<p>Ce site est le site officiel de l&rsquo;Association des Jeunes \u00c9lus de France (AJEF). CONCEPTION ET PROPRI\u00c9T\u00c9 DU SITE : Conception : Association des Jeunes \u00c9lus de FranceService Informatique31, rue de Gou\u00e9dic, 22000 SAINT-BRIEUCEmail : si@jeuneselusdefrance.fr Responsable de publication : M. Antonin MAH\u00c9, pr\u00e9sident de l&rsquo;Association des Jeunes \u00c9lus de France. 2. Propri\u00e9t\u00e9 : Association&hellip;&nbsp;<\/p>\n","protected":false},"author":1,"featured_media":0,"parent":0,"menu_order":0,"comment_status":"closed","ping_status":"closed","template":"","meta":{"neve_meta_sidebar":"","neve_meta_container":"","neve_meta_enable_content_width":"","neve_meta_content_width":0,"neve_meta_title_alignment":"","neve_meta_author_avatar":"","neve_post_elements_order":"","neve_meta_disable_header":"","neve_meta_disable_footer":"","neve_meta_disable_title":"","footnotes":""},"class_list":["post-615","page","type-page","status-publish","hentry"],"_links":{"self":[{"href":"http:\/\/jeuneselusdefrance.fr\/home\/wp-json\/wp\/v2\/pages\/615","targetHints":{"allow":["GET"]}}],"collection":[{"href":"http:\/\/jeuneselusdefrance.fr\/home\/wp-json\/wp\/v2\/pages"}],"about":[{"href":"http:\/\/jeuneselusdefrance.fr\/home\/wp-json\/wp\/v2\/types\/page"}],"author":[{"embeddable":true,"href":"http:\/\/jeuneselusdefrance.fr\/home\/wp-json\/wp\/v2\/users\/1"}],"replies":[{"embeddable":true,"href":"http:\/\/jeuneselusdefrance.fr\/home\/wp-json\/wp\/v2\/comments?post=615"}],"version-history":[{"count":1,"href":"http:\/\/jeuneselusdefrance.fr\/home\/wp-json\/wp\/v2\/pages\/615\/revisions"}],"predecessor-version":[{"id":616,"href":"http:\/\/jeuneselusdefrance.fr\/home\/wp-json\/wp\/v2\/pages\/615\/revisions\/616"}],"wp:attachment":[{"href":"http:\/\/jeuneselusdefrance.fr\/home\/wp-json\/wp\/v2\/media?parent=615"}],"curies":[{"name":"wp","href":"https:\/\/api.w.org\/{rel}","templated":true}]}}